{"id":6240,"date":"2023-06-26T10:56:30","date_gmt":"2023-06-26T08:56:30","guid":{"rendered":"https:\/\/campingbarberousse.fr\/vermietung-stellplatz-gruissan\/"},"modified":"2024-01-11T15:55:43","modified_gmt":"2024-01-11T14:55:43","slug":"vermietung-stellplatz-gruissan","status":"publish","type":"page","link":"https:\/\/campingbarberousse.fr\/de\/vermietung-stellplatz-gruissan\/","title":{"rendered":"Unsere Standorte"},"content":{"rendered":"\n<div class=\"wp-block-group is-style-default is-layout-constrained wp-block-group-is-layout-constrained\">\n<h1 class=\"wp-block-heading has-text-align-center has-link-color-color has-text-color\" style=\"margin-top:var(--wp--preset--spacing--60);margin-right:var(--wp--preset--spacing--60);margin-bottom:var(--wp--preset--spacing--60);margin-left:var(--wp--preset--spacing--60)\">Mieten Sie Ihren Stellplatz in Gruissan<\/h1>\n\n\n\n<div class=\"wp-block-group is-content-justification-left is-layout-constrained wp-container-core-group-is-layout-47aa373c wp-block-group-is-layout-constrained\">\n<hr class=\"wp-block-separator aligncenter has-text-color has-link-color-color has-alpha-channel-opacity has-link-color-background-color has-background is-style-default\" style=\"margin-top:var(--wp--preset--spacing--20);margin-bottom:var(--wp--preset--spacing--20)\"\/>\n<\/div>\n\n\n<div class=\"hebergement-filters\">\n    <div class=\"hebergement-filters__header\">\n        <div class=\"hebergement-filters__header__title\">Filter<\/div>\n        <div class=\"hebergement-filters__header__clear\"><i class=\"fas fa-times\"><\/i> Auswahl l\u00f6schen<\/div>\n    <\/div>\n\n    <div class=\"hebergement-sort\">\n        <form action=\"\" method=\"POST\" class=\"gt-resa-form\">\n            <div class=\"gt-resa-form__entry gt-resa-form__entry--ranges\">\n                <i class=\"fas fa-calendar-alt\"><\/i>\n                <input type=\"text\" placeholder=\"Arriv\u00e9e \/ d\u00e9part ...\">\n            <\/div>\n        <\/form>\n    <\/div>\n\n\n    <div class=\"hebergement-filter\" data-filter=\"types\" data-relation=\"OR\" data-title=\"Art der Unterkunft\" data-multiple=\"true\" data-default=\"\">\n        <label for=\"gt-filter-types\"><span class=\"hebergement-filter__title\">Typ<\/span><\/label>\n    <\/div>\n\n    <div class=\"hebergement-filter\" data-filter=\"room\" data-relation=\"OR\" data-title=\"Anzahl der Zimmer\" data-multiple=\"true\" data-operator='sup'>\n        <label for=\"gt-filter-room\"><span class=\"hebergement-filter__title\">Anzahl der Zimmer<\/span><\/label>\n    <\/div>\n\n    <div class=\"hebergement-filter\" data-filter=\"capacity\"  data-relation=\"OR\" data-title=\"Anzahl der Personen\" data-multiple=\"true\" data-operator='sup'>\n        <label for=\"gt-filter-capacity\"><span class=\"hebergement-filter__title\">Anzahl der Personen<\/span><\/label>\n    <\/div>\n\n    <div class=\"hebergement-filter\" data-filter=\"criterions\" data-relation=\"AND\" data-title=\"Optionen\" data-multiple=\"true\">\n        <label for=\"gt-filter-criterions\"><span class=\"hebergement-filter__title\">Optionen<\/span><\/label>\n    <\/div>\n    \n    <div class=\"hebergement-sort\" data-sort=\"price\" data-title=\"Sortieren\" >        \n        <label for=\"gt-sort-price\">\n            <span class=\"hebergement-sort__title\">Sortieren<\/span>\n            <select name=\"gt-sort-price\">\n                <option value=\"true\">Preis aufsteigend<\/option>\n                <option value=\"false\">Preis absteigend<\/option>\n            <\/select>\n        <\/label>\n    <\/div>\n\n<\/div>\n\n<div class=\"hebergement-filters sticky\">\n    <div class=\"hebergement-filters__close\">\n        <i class=\"fas fa-times\"><\/i>\n    <\/div>\n    <div class=\"hebergement-filters__header\">\n        <div class=\"hebergement-filters__header__title\">Filter<\/div>\n        <div class=\"hebergement-filters__header__clear\"><i class=\"fas fa-times\"><\/i> Auswahl l\u00f6schen<\/div>\n    <\/div>\n\n\n    <!-- <div class=\"filters-separator\"><\/div> -->\n    \n\n    <div class=\"hebergement-filter\" data-filter=\"types\" data-relation=\"OR\" data-title=\"Art der Unterkunft\" data-multiple=\"true\">\n        <label for=\"gt-filter-types\"><span class=\"hebergement-filter__title\">Typ<\/span><\/label>\n    <\/div>\n\n    <div class=\"hebergement-filter\" data-filter=\"room\" data-relation=\"OR\" data-title=\"Anzahl der Zimmer\" data-multiple=\"true\" data-operator='sup'>\n        <label for=\"gt-filter-room\"><span class=\"hebergement-filter__title\">Anzahl der Zimmer<\/span><\/label>\n    <\/div>\n\n    <div class=\"hebergement-filter\" data-filter=\"capacity\"  data-relation=\"OR\" data-title=\"Anzahl der Personen\" data-multiple=\"true\" data-operator='sup'>\n        <label for=\"gt-filter-capacity\"><span class=\"hebergement-filter__title\">Anzahl der Personen<\/span><\/label>\n    <\/div>\n\n    <div class=\"hebergement-filter\" data-filter=\"criterions\" data-relation=\"AND\" data-title=\"Optionen\" data-multiple=\"true\">\n        <label for=\"gt-filter-criterions\"><span class=\"hebergement-filter__title\">Optionen<\/span><\/label>\n    <\/div>\n    \n    <div class=\"hebergement-sort\" data-sort=\"price\" data-title=\"Sortieren\" >        \n        <label for=\"gt-sort-price\">\n            <span class=\"hebergement-sort__title\">Sortieren<\/span>\n            <select name=\"gt-sort-price\">\n                <option value=\"true\">Preis aufsteigend<\/option>\n                <option value=\"false\">Preis absteigend<\/option>\n            <\/select>\n        <\/label>\n    <\/div>\n\n    <div class=\"hebergement-filters__close hebergement-filters__close--btn\">\n        <div class=\"hebergement-filters__close__btn\">\n            Ergebnisse anzeigen <span><\/span>\n        <\/div>\n    <\/div>\n\n<\/div>\n\n<div class=\"hebergement-filters-nav\">\n    <div class=\"hebergement-filters-nav-btn hebergement-filters-nav-btn--modify\">\n        <i class=\"fas fa-search\"><\/i>\n        <div>Bearbeiten<\/div>\n    <\/div>\n    <div class=\"hebergement-filters-nav-btn hebergement-filters-nav-btn--filter\">\n        <i class=\"fas fa-filter\"><\/i>\n        <div>Filter<\/div>\n    <\/div>\n<\/div>\r\n<div \r\n     \r\n    class=\"gt-hebergements-block\" \r\n    style=\"\"\r\n>\r\n\r\n    \r\n        \r\n        <article \r\n    class=\"gt-cta gt-cta--hebergement\"\r\n            data-idSite=\"5460\"\r\n        data-idProduct=\"1\"\r\n        data-id1s='[{\"id1\":\"80030\"}]'\r\n        data-capacity='[\"6\"]'\r\n    data-room='[\"0\"]'\r\n    data-criterions='[]'\r\n    data-types='[\"Standort\"]'\r\n>\r\n\r\n        \r\n        <div class=\"gt-cta__thumb\">\r\n                                        <div class=\"gt-cta__thumb__slick\">\r\n                                                                                        <a \r\n                            href=\"https:\/\/campingbarberousse.fr\/hebergement\/emplacement-nu-avec-electricite-incluse\/\" \r\n                            title=\"Emplacement nu avec \u00e9lectricit\u00e9 incluse\" \r\n                            target=\"_blank\"\r\n                        >\r\n                            <img alt=\"pict_1_1\" decoding=\"async\" width=\"1115\" height=\"741\" src=\"https:\/\/campingbarberousse.fr\/wp-content\/uploads\/sites\/32\/2025\/11\/pict_1_1.jpg\" class=\"attachment-full size-full not-transparent\" alt=\"\" srcset=\"https:\/\/campingbarberousse.fr\/wp-content\/uploads\/sites\/32\/2025\/11\/pict_1_1.jpg 1115w, https:\/\/campingbarberousse.fr\/wp-content\/uploads\/sites\/32\/2025\/11\/pict_1_1-300x199.jpg 300w, https:\/\/campingbarberousse.fr\/wp-content\/uploads\/sites\/32\/2025\/11\/pict_1_1-1024x681.jpg 1024w, https:\/\/campingbarberousse.fr\/wp-content\/uploads\/sites\/32\/2025\/11\/pict_1_1-768x510.jpg 768w\" sizes=\"(max-width: 1115px) 100vw, 1115px\" data-has-transparency=\"false\" data-dominant-color=\"7d7068\" style=\"--dominant-color: #7d7068;\" \/>                        <\/a>\r\n                                                            <\/div>\r\n                    <\/div>\r\n\r\n        <div class=\"gt-cta__price-call\"><\/div>\r\n    <a \r\n        href=\"https:\/\/campingbarberousse.fr\/hebergement\/emplacement-nu-avec-electricite-incluse\/\" \r\n        title=\"Emplacement nu avec \u00e9lectricit\u00e9 incluse\" \r\n        class=\"gt-cta__link\"\r\n        onclick=\"window.open(this.href,'_blank');return false;\"\r\n    >\r\n        <div class=\"gt-cta__content\">\r\n            <div class=\"gt-cta__content__left\">\r\n                <div class=\"gt-cta__title\">\r\n                    Emplacement nu avec \u00e9lectricit\u00e9 incluse                <\/div>\r\n                <div class=\"gt-cta__subtitle\">\r\n                                            <span>80m\u00b2<\/span>\r\n                                                        <\/div>\r\n                <div class=\"gt-cta__dispo\">\r\n                <\/div>\r\n            <\/div>\r\n            <div class=\"gt-cta__content__right\">\r\n                <div class=\"gt-cta__capacity\">\r\n                                            <span>6<\/span>\r\n                                    <\/div>\r\n                <div class=\"gt-cta__price__wrap\">\r\n                    <div class=\"gt-cta__price-before\"><\/div>\r\n                    <div class=\"gt-cta__price\"><\/div>\r\n                <\/div>\r\n            <\/div>\r\n        <\/div>\r\n    <\/a>\r\n    <div class=\"gt-ellipsis\">\r\n        <div><\/div>\r\n        <div><\/div>\r\n        <div><\/div>\r\n        <div><\/div>\r\n    <\/div>\r\n   \r\n<\/article>\r\n    \r\n        <article \r\n    class=\"gt-cta gt-cta--hebergement\"\r\n            data-idSite=\"5460\"\r\n        data-idProduct=\"3\"\r\n        data-id1s='[{\"id1\":\"80030\"}]'\r\n        data-capacity='[\"6\"]'\r\n    data-room='[\"0\"]'\r\n    data-criterions='[]'\r\n    data-types='[\"Standort\"]'\r\n>\r\n\r\n        \r\n        <div class=\"gt-cta__thumb\">\r\n                                        <div class=\"gt-cta__thumb__slick\">\r\n                                                                                        <a \r\n                            href=\"https:\/\/campingbarberousse.fr\/hebergement\/emplacement-nu-pour-camping-car\/\" \r\n                            title=\"Emplacement nu pour Camping-car\" \r\n                            target=\"_blank\"\r\n                        >\r\n                            <img alt=\"pict_3_1\" decoding=\"async\" width=\"760\" height=\"683\" src=\"https:\/\/campingbarberousse.fr\/wp-content\/uploads\/sites\/32\/2025\/11\/pict_3_1.jpg\" class=\"attachment-full size-full not-transparent\" alt=\"\" srcset=\"https:\/\/campingbarberousse.fr\/wp-content\/uploads\/sites\/32\/2025\/11\/pict_3_1.jpg 760w, https:\/\/campingbarberousse.fr\/wp-content\/uploads\/sites\/32\/2025\/11\/pict_3_1-300x270.jpg 300w\" sizes=\"(max-width: 760px) 100vw, 760px\" data-has-transparency=\"false\" data-dominant-color=\"5e6870\" style=\"--dominant-color: #5e6870;\" \/>                        <\/a>\r\n                                                            <\/div>\r\n                    <\/div>\r\n\r\n        <div class=\"gt-cta__price-call\"><\/div>\r\n    <a \r\n        href=\"https:\/\/campingbarberousse.fr\/hebergement\/emplacement-nu-pour-camping-car\/\" \r\n        title=\"Emplacement nu pour Camping-car\" \r\n        class=\"gt-cta__link\"\r\n        onclick=\"window.open(this.href,'_blank');return false;\"\r\n    >\r\n        <div class=\"gt-cta__content\">\r\n            <div class=\"gt-cta__content__left\">\r\n                <div class=\"gt-cta__title\">\r\n                    Emplacement nu pour Camping-car                <\/div>\r\n                <div class=\"gt-cta__subtitle\">\r\n                                            <span>80m\u00b2<\/span>\r\n                                                        <\/div>\r\n                <div class=\"gt-cta__dispo\">\r\n                <\/div>\r\n            <\/div>\r\n            <div class=\"gt-cta__content__right\">\r\n                <div class=\"gt-cta__capacity\">\r\n                                            <span>6<\/span>\r\n                                    <\/div>\r\n                <div class=\"gt-cta__price__wrap\">\r\n                    <div class=\"gt-cta__price-before\"><\/div>\r\n                    <div class=\"gt-cta__price\"><\/div>\r\n                <\/div>\r\n            <\/div>\r\n        <\/div>\r\n    <\/a>\r\n    <div class=\"gt-ellipsis\">\r\n        <div><\/div>\r\n        <div><\/div>\r\n        <div><\/div>\r\n        <div><\/div>\r\n    <\/div>\r\n   \r\n<\/article>\r\n    \r\n        <article \r\n    class=\"gt-cta gt-cta--hebergement\"\r\n            data-idSite=\"5460\"\r\n        data-idProduct=\"19\"\r\n        data-id1s='[{\"id1\":\"80030\"}]'\r\n        data-capacity='[\"6\"]'\r\n    data-room='[\"0\"]'\r\n    data-criterions='[]'\r\n    data-types='[\"Standort\"]'\r\n>\r\n\r\n        \r\n        <div class=\"gt-cta__thumb\">\r\n                                        <div class=\"gt-cta__thumb__slick\">\r\n                                                                                        <a \r\n                            href=\"https:\/\/campingbarberousse.fr\/hebergement\/emplacement-nu-sans-electricite\/\" \r\n                            title=\"Emplacement nu sans \u00e9lectricit\u00e9\" \r\n                            target=\"_blank\"\r\n                        >\r\n                            <img alt=\"pict_19_1\" decoding=\"async\" width=\"760\" height=\"465\" src=\"https:\/\/campingbarberousse.fr\/wp-content\/uploads\/sites\/32\/2025\/11\/pict_19_1.jpg\" class=\"attachment-full size-full not-transparent\" alt=\"\" srcset=\"https:\/\/campingbarberousse.fr\/wp-content\/uploads\/sites\/32\/2025\/11\/pict_19_1.jpg 760w, https:\/\/campingbarberousse.fr\/wp-content\/uploads\/sites\/32\/2025\/11\/pict_19_1-300x184.jpg 300w\" sizes=\"(max-width: 760px) 100vw, 760px\" data-has-transparency=\"false\" data-dominant-color=\"6c6b5c\" style=\"--dominant-color: #6c6b5c;\" \/>                        <\/a>\r\n                                                            <\/div>\r\n                    <\/div>\r\n\r\n        <div class=\"gt-cta__price-call\"><\/div>\r\n    <a \r\n        href=\"https:\/\/campingbarberousse.fr\/hebergement\/emplacement-nu-sans-electricite\/\" \r\n        title=\"Emplacement nu sans \u00e9lectricit\u00e9\" \r\n        class=\"gt-cta__link\"\r\n        onclick=\"window.open(this.href,'_blank');return false;\"\r\n    >\r\n        <div class=\"gt-cta__content\">\r\n            <div class=\"gt-cta__content__left\">\r\n                <div class=\"gt-cta__title\">\r\n                    Emplacement nu sans \u00e9lectricit\u00e9                <\/div>\r\n                <div class=\"gt-cta__subtitle\">\r\n                                            <span>80m\u00b2<\/span>\r\n                                                        <\/div>\r\n                <div class=\"gt-cta__dispo\">\r\n                <\/div>\r\n            <\/div>\r\n            <div class=\"gt-cta__content__right\">\r\n                <div class=\"gt-cta__capacity\">\r\n                                            <span>6<\/span>\r\n                                    <\/div>\r\n                <div class=\"gt-cta__price__wrap\">\r\n                    <div class=\"gt-cta__price-before\"><\/div>\r\n                    <div class=\"gt-cta__price\"><\/div>\r\n                <\/div>\r\n            <\/div>\r\n        <\/div>\r\n    <\/a>\r\n    <div class=\"gt-ellipsis\">\r\n        <div><\/div>\r\n        <div><\/div>\r\n        <div><\/div>\r\n        <div><\/div>\r\n    <\/div>\r\n   \r\n<\/article>\r\n            \r\n<\/div><\/div>\n\n<div class=\"wp-block-group is-layout-constrained wp-block-group-is-layout-constrained\" style=\"padding-top:var(--wp--preset--spacing--80)\">\n<div class=\"wp-block-columns are-vertically-aligned-center is-layout-flex wp-container-core-columns-is-layout-28f84493 wp-block-columns-is-layout-flex\">\n<div class=\"wp-block-column is-vertically-aligned-center is-layout-flow wp-block-column-is-layout-flow\">\n<div class=\"wp-block-group is-layout-flow wp-block-group-is-layout-flow\">\n<h2 class=\"wp-block-heading\">Stellplatz in einer Mietwohnung im Aude<\/h2>\n\n\n\n<p>Genie\u00dfen Sie einen Aufenthalt unter freiem Himmel und mieten Sie einen Stellplatz auf unserem <a href=\"\/\">Campingplatz in Gruissan im Departement Aude<\/a>. Wir bieten Ihnen die M\u00f6glichkeit, sich in einer au\u00dfergew\u00f6hnlichen nat\u00fcrlichen Umgebung aufzuhalten und dabei von allen Dienstleistungen und Einrichtungen zu profitieren, die Sie f\u00fcr Ihren Komfort ben\u00f6tigen.<\/p>\n\n\n\n<p>Unsere<strong> Mietpl\u00e4tze<\/strong> sind speziell auf Ihre Bed\u00fcrfnisse zugeschnitten. Egal, ob Sie mit Zelt, Wohnwagen oder Wohnmobil reisen, wir stellen Ihnen ger\u00e4umige Stellpl\u00e4tze mit einer Fl\u00e4che von<strong>ca. 80 m\u00b2<\/strong> zur Verf\u00fcgung. Sie k\u00f6nnen Ihren privaten Bereich nutzen, um Ihre Ausr\u00fcstung aufzustellen und Ihr eigenes kleines Paradies zu schaffen.<\/p>\n\n\n\n<h2 class=\"wp-block-heading\">Qualitativ hochwertige Sanit\u00e4ranlagen<\/h2>\n\n\n\n<p>Wir legen gro\u00dfen Wert auf Ihren Komfort und stellen Ihnen daher qualitativ hochwertige Dienstleistungen zur Verf\u00fcgung. Unsere hochwertigen <strong>Sanit\u00e4ranlagen<\/strong> sind sauber und gepflegt. Ihnen stehen Duschen, Toiletten, Waschbecken und Wickelr\u00e4ume zur Verf\u00fcgung.<\/p>\n<\/div>\n<\/div>\n\n\n\n<div class=\"wp-block-column is-vertically-aligned-center is-layout-flow wp-block-column-is-layout-flow\" style=\"flex-basis:60%\">\n<div \n\n \n\nclass=\"gt-slider-block\" \n\ndata-slick='{\"slidesToShow\":1,\"slidesToScroll\":1,\"centerMode\":false,\"arrows\":false,\"dots\":true,\"autoplay\":true,\"autoplaySpeed\":2000}'\n\ndata-style=\"\"\n>\n\n\n\n    <div class=\"acf-innerblocks-container\">\n\n<div class=\"wp-block-group overflow-hidden is-layout-flow wp-block-group-is-layout-flow\" style=\"border-top-left-radius:2rem;border-bottom-right-radius:2rem\">\n<figure class=\"wp-block-image size-large alignfull\"><a href=\"https:\/\/campingbarberousse.fr\/wp-content\/uploads\/sites\/32\/2023\/08\/tente-emplacement-nu-camping-barberousse-gruissan-1024x682.webp\"><img decoding=\"async\" width=\"1024\" height=\"682\" sizes=\"(max-width: min(calc(100% - 15vw), 1024px)) 100vw, min(calc(100% - 15vw), 1024px)\" src=\"https:\/\/campingbarberousse.fr\/wp-content\/uploads\/sites\/32\/2023\/08\/tente-emplacement-nu-camping-barberousse-gruissan-1024x682.webp\" alt=\"zelt stellplatz nackt camping barberousse gruissan\" class=\"wp-image-5745\" srcset=\"https:\/\/campingbarberousse.fr\/wp-content\/uploads\/sites\/32\/2023\/08\/tente-emplacement-nu-camping-barberousse-gruissan-1024x682.webp 1024w, https:\/\/campingbarberousse.fr\/wp-content\/uploads\/sites\/32\/2023\/08\/tente-emplacement-nu-camping-barberousse-gruissan-300x200.webp 300w, https:\/\/campingbarberousse.fr\/wp-content\/uploads\/sites\/32\/2023\/08\/tente-emplacement-nu-camping-barberousse-gruissan-768x512.webp 768w, https:\/\/campingbarberousse.fr\/wp-content\/uploads\/sites\/32\/2023\/08\/tente-emplacement-nu-camping-barberousse-gruissan-1536x1023.webp 1536w, https:\/\/campingbarberousse.fr\/wp-content\/uploads\/sites\/32\/2023\/08\/tente-emplacement-nu-camping-barberousse-gruissan.webp 1600w\" \/><\/a><\/figure>\n\n\n\n<figure class=\"wp-block-image size-large alignfull\"><a href=\"https:\/\/campingbarberousse.fr\/wp-content\/uploads\/sites\/32\/2023\/08\/camping-car-emplacement-nu-camping-barberousse-gruissan.webp\"><img decoding=\"async\" width=\"1024\" height=\"683\" sizes=\"(max-width: min(calc(100% - 15vw), 1024px)) 100vw, min(calc(100% - 15vw), 1024px)\" src=\"https:\/\/campingbarberousse.fr\/wp-content\/uploads\/sites\/32\/2023\/08\/camping-car-emplacement-nu-camping-barberousse-gruissan-1024x683.webp\" alt=\"wohnmobil stellplatz nackt camping barberousse gruissan\" class=\"wp-image-5744\" srcset=\"https:\/\/campingbarberousse.fr\/wp-content\/uploads\/sites\/32\/2023\/08\/camping-car-emplacement-nu-camping-barberousse-gruissan-1024x683.webp 1024w, https:\/\/campingbarberousse.fr\/wp-content\/uploads\/sites\/32\/2023\/08\/camping-car-emplacement-nu-camping-barberousse-gruissan-300x200.webp 300w, https:\/\/campingbarberousse.fr\/wp-content\/uploads\/sites\/32\/2023\/08\/camping-car-emplacement-nu-camping-barberousse-gruissan-768x512.webp 768w, https:\/\/campingbarberousse.fr\/wp-content\/uploads\/sites\/32\/2023\/08\/camping-car-emplacement-nu-camping-barberousse-gruissan-1536x1024.webp 1536w, https:\/\/campingbarberousse.fr\/wp-content\/uploads\/sites\/32\/2023\/08\/camping-car-emplacement-nu-camping-barberousse-gruissan.webp 1600w\" \/><\/a><\/figure>\n\n\n\n<figure class=\"wp-block-image size-large has-custom-border alignfull\"><a href=\"https:\/\/campingbarberousse.fr\/wp-content\/uploads\/sites\/32\/2023\/08\/camping-aude-location-emplacement-tente.webp\"><img decoding=\"async\" width=\"1024\" height=\"683\" sizes=\"(max-width: min(calc(100% - 15vw), 1024px)) 100vw, min(calc(100% - 15vw), 1024px)\" src=\"https:\/\/campingbarberousse.fr\/wp-content\/uploads\/sites\/32\/2023\/08\/camping-aude-location-emplacement-tente-1024x683.webp\" alt=\"camping aude vermietung stellplatz zelt\" class=\"wp-image-5746\" style=\"border-top-left-radius:2rem;border-top-right-radius:2rem;border-bottom-right-radius:2rem\" srcset=\"https:\/\/campingbarberousse.fr\/wp-content\/uploads\/sites\/32\/2023\/08\/camping-aude-location-emplacement-tente-1024x683.webp 1024w, https:\/\/campingbarberousse.fr\/wp-content\/uploads\/sites\/32\/2023\/08\/camping-aude-location-emplacement-tente-300x200.webp 300w, https:\/\/campingbarberousse.fr\/wp-content\/uploads\/sites\/32\/2023\/08\/camping-aude-location-emplacement-tente-768x512.webp 768w, https:\/\/campingbarberousse.fr\/wp-content\/uploads\/sites\/32\/2023\/08\/camping-aude-location-emplacement-tente-1536x1024.webp 1536w, https:\/\/campingbarberousse.fr\/wp-content\/uploads\/sites\/32\/2023\/08\/camping-aude-location-emplacement-tente.webp 1600w\" \/><\/a><\/figure>\n<\/div>\n\n<\/div>\n\n\n\n<\/div><\/div>\n<\/div>\n<\/div>\n\n<div class=\"wp-block-group is-layout-constrained wp-container-core-group-is-layout-93950730 wp-block-group-is-layout-constrained\" style=\"margin-top:0;margin-bottom:0;padding-top:var(--wp--preset--spacing--80);padding-bottom:var(--wp--preset--spacing--80)\">\n<figure class=\"wp-block-image size-full is-style-gt-bg-image-bottom-right rellax-2 m-r-2\"><img decoding=\"async\" width=\"47\" height=\"50\" sizes=\"(max-width: min(calc(100% - 15vw), 47px)) 100vw, min(calc(100% - 15vw), 47px)\" src=\"https:\/\/campingbarberousse.fr\/wp-content\/uploads\/sites\/32\/2023\/08\/coeur-camping-paradis-barberousse.png\" alt=\"herz camping paradis barberousse\" class=\"wp-image-5741\"\/><\/figure>\n\n\n\n<div class=\"wp-block-columns is-layout-flex wp-container-core-columns-is-layout-08c01c1c wp-block-columns-is-layout-flex\">\n<div class=\"wp-block-column is-vertically-aligned-top is-layout-flow wp-container-core-column-is-layout-119bc444 wp-block-column-is-layout-flow\" style=\"flex-basis:60%\">\n<figure class=\"wp-block-image size-large has-custom-border alignfull overflow-hidden\"><a href=\"https:\/\/campingbarberousse.fr\/wp-content\/uploads\/sites\/32\/2023\/08\/camping-equipement-confort-aude.webp\"><img decoding=\"async\" width=\"1024\" height=\"768\" sizes=\"(max-width: min(calc(100% - 15vw), 1024px)) 100vw, min(calc(100% - 15vw), 1024px)\" src=\"https:\/\/campingbarberousse.fr\/wp-content\/uploads\/sites\/32\/2023\/08\/camping-equipement-confort-aude-1024x768.webp\" alt=\"camping equipement confort aude\" class=\"wp-image-5749\" style=\"border-top-left-radius:2rem;border-top-right-radius:2rem;border-bottom-left-radius:2rem\" srcset=\"https:\/\/campingbarberousse.fr\/wp-content\/uploads\/sites\/32\/2023\/08\/camping-equipement-confort-aude-1024x768.webp 1024w, https:\/\/campingbarberousse.fr\/wp-content\/uploads\/sites\/32\/2023\/08\/camping-equipement-confort-aude-300x225.webp 300w, https:\/\/campingbarberousse.fr\/wp-content\/uploads\/sites\/32\/2023\/08\/camping-equipement-confort-aude-768x576.webp 768w, https:\/\/campingbarberousse.fr\/wp-content\/uploads\/sites\/32\/2023\/08\/camping-equipement-confort-aude-1536x1152.webp 1536w, https:\/\/campingbarberousse.fr\/wp-content\/uploads\/sites\/32\/2023\/08\/camping-equipement-confort-aude.webp 1600w\" \/><\/a><\/figure>\n<\/div>\n\n\n\n<div class=\"wp-block-column is-vertically-aligned-center is-layout-flow wp-block-column-is-layout-flow\" style=\"flex-basis:40%\">\n<div class=\"wp-block-group is-layout-flow wp-block-group-is-layout-flow\" style=\"padding-right:var(--wp--preset--spacing--40);padding-bottom:0;padding-left:var(--wp--preset--spacing--40)\">\n<h2 class=\"wp-block-heading\">Unsere Ausstattung f\u00fcr Ihren Komfort<\/h2>\n\n\n\n<p>Wenn Sie einen Stellplatz auf unserem Campingplatz in Gruissan mieten, haben Sie auch die M\u00f6glichkeit, einen<strong> Stromanschluss<\/strong> zu nutzen. Dieser Service erm\u00f6glicht es Ihnen, Ihren Aufenthalt in vollen Z\u00fcgen zu genie\u00dfen, da Sie Zugang zu Strom f\u00fcr Ihre Ausr\u00fcstung haben. Die Kosten f\u00fcr den <strong>Stromanschluss betragen 5,90\u20ac<\/strong>.<\/p>\n\n\n\n<p>Wenn Sie einen <strong>Adapter<\/strong> f\u00fcr Ihren Stromanschluss ben\u00f6tigen, bieten wir Ihnen Adapter zum <strong>Kauf<\/strong> f\u00fcr <strong>20\u20ac<\/strong> an. Wenn Sie sie lieber <strong>mieten<\/strong> m\u00f6chten, bieten wir sie <strong>zum<\/strong> <strong>Preis<\/strong> <strong>von<\/strong> <strong>2\u20ac<\/strong> pro Tag oder <strong>15\u20ac<\/strong> <strong>pro<\/strong> <strong>Woche<\/strong> zur <strong>Miete<\/strong> an.<\/p>\n\n\n\n<p>Genie\u00dfen Sie die Ruhe und Geselligkeit unseres Campingplatzes, indem Sie einen Stellplatz in Gruissan im Departement Aude mieten. Machen Sie es sich bequem, genie\u00dfen Sie die umliegende Natur und schaffen Sie unvergessliche Erinnerungen mit der Familie oder Freunden.<\/p>\n\n\n\n<p>Buchen Sie jetzt Ihren Stellplatz oder <a href=\"https:\/\/campingbarberousse.fr\/de\/vermietung-mobil-home-gruissan\/\">mieten Sie Ihr Mobilheim<\/a> auf unserem Campingplatz in Gruissan, Aude, und bereiten Sie sich auf einen unvergesslichen Urlaub im Freien vor.<\/p>\n<\/div>\n<\/div>\n<\/div>\n<\/div>\n\n<div class=\"wp-block-group is-layout-constrained wp-block-group-is-layout-constrained\" style=\"margin-top:0;margin-bottom:0;padding-top:var(--wp--preset--spacing--80);padding-bottom:var(--wp--preset--spacing--80)\">\n<h2 class=\"wp-block-heading has-text-align-center\">Entdecken Sie unsere Vermietungen, unsere Dienstleistungen und unseren See  <\/h2>\n\n\n\r\n<div \r\n     \r\n    class=\"gt-maillage-block\" \r\n    style=\"\"\r\n>\r\n\r\n    \r\n        \r\n        <article \r\n    class=\"gt-cta gt-cta--page\" \r\n    style=\"aspect-ratio:1\/1\"\r\n>\r\n    <a href=\"https:\/\/campingbarberousse.fr\/de\/vermietung-mobil-home-gruissan\/\" title=\"Unsere Vermietungen\" class=\"gt-cta__link\">\r\n        <div class=\"gt-cta__thumb\">\r\n                            <img alt=\"pict_4_1 1\" decoding=\"async\" width=\"1186\" height=\"789\" src=\"https:\/\/campingbarberousse.fr\/wp-content\/uploads\/sites\/32\/2025\/01\/pict_4_1-1.jpg\" class=\"attachment-full size-full not-transparent wp-post-image\" alt=\"\" srcset=\"https:\/\/campingbarberousse.fr\/wp-content\/uploads\/sites\/32\/2025\/01\/pict_4_1-1.jpg 1186w, https:\/\/campingbarberousse.fr\/wp-content\/uploads\/sites\/32\/2025\/01\/pict_4_1-1-300x200.jpg 300w, https:\/\/campingbarberousse.fr\/wp-content\/uploads\/sites\/32\/2025\/01\/pict_4_1-1-1024x681.jpg 1024w, https:\/\/campingbarberousse.fr\/wp-content\/uploads\/sites\/32\/2025\/01\/pict_4_1-1-768x511.jpg 768w\" sizes=\"(max-width: 1186px) 100vw, 1186px\" data-has-transparency=\"false\" data-dominant-color=\"727476\" style=\"--dominant-color: #727476;\" \/>                    <\/div>\r\n        <div class=\"gt-cta__content\">\r\n            <div class=\"gt-cta__title\">\r\n                Unsere Vermietungen            <\/div>\r\n        <\/div>\r\n    <\/a>\r\n<\/article>\r\n    \r\n        <article \r\n    class=\"gt-cta gt-cta--page\" \r\n    style=\"aspect-ratio:1\/1\"\r\n>\r\n    <a href=\"https:\/\/campingbarberousse.fr\/de\/familiencampingplatz-gruissan\/\" title=\"Dienste\" class=\"gt-cta__link\">\r\n        <div class=\"gt-cta__thumb\">\r\n                            <img alt=\"CP Barberousse_01 09 2023_40_01 scaled\" decoding=\"async\" width=\"2048\" height=\"1365\" src=\"https:\/\/campingbarberousse.fr\/wp-content\/uploads\/sites\/32\/2023\/05\/CP-Barberousse_01-09-2023_40_01-scaled.jpg\" class=\"attachment-full size-full not-transparent wp-post-image\" alt=\"\" srcset=\"https:\/\/campingbarberousse.fr\/wp-content\/uploads\/sites\/32\/2023\/05\/CP-Barberousse_01-09-2023_40_01-scaled.jpg 2048w, https:\/\/campingbarberousse.fr\/wp-content\/uploads\/sites\/32\/2023\/05\/CP-Barberousse_01-09-2023_40_01-300x200.jpg 300w, https:\/\/campingbarberousse.fr\/wp-content\/uploads\/sites\/32\/2023\/05\/CP-Barberousse_01-09-2023_40_01-1024x683.jpg 1024w, https:\/\/campingbarberousse.fr\/wp-content\/uploads\/sites\/32\/2023\/05\/CP-Barberousse_01-09-2023_40_01-768x512.jpg 768w, https:\/\/campingbarberousse.fr\/wp-content\/uploads\/sites\/32\/2023\/05\/CP-Barberousse_01-09-2023_40_01-1536x1024.jpg 1536w\" sizes=\"(max-width: 2048px) 100vw, 2048px\" data-has-transparency=\"false\" data-dominant-color=\"87868f\" style=\"--dominant-color: #87868f;\" \/>                    <\/div>\r\n        <div class=\"gt-cta__content\">\r\n            <div class=\"gt-cta__title\">\r\n                Dienste            <\/div>\r\n        <\/div>\r\n    <\/a>\r\n<\/article>\r\n    \r\n        <article \r\n    class=\"gt-cta gt-cta--page\" \r\n    style=\"aspect-ratio:1\/1\"\r\n>\r\n    <a href=\"https:\/\/campingbarberousse.fr\/de\/camping-seestrand-gruissan\/\" title=\"Meeresufer\" class=\"gt-cta__link\">\r\n        <div class=\"gt-cta__thumb\">\r\n                            <img alt=\"camping bord de lac aude\" decoding=\"async\" width=\"1600\" height=\"1066\" src=\"https:\/\/campingbarberousse.fr\/wp-content\/uploads\/sites\/32\/2023\/08\/camping-bord-de-lac-aude.webp\" class=\"attachment-full size-full wp-post-image\" alt=\"\" srcset=\"https:\/\/campingbarberousse.fr\/wp-content\/uploads\/sites\/32\/2023\/08\/camping-bord-de-lac-aude.webp 1600w, https:\/\/campingbarberousse.fr\/wp-content\/uploads\/sites\/32\/2023\/08\/camping-bord-de-lac-aude-300x200.webp 300w, https:\/\/campingbarberousse.fr\/wp-content\/uploads\/sites\/32\/2023\/08\/camping-bord-de-lac-aude-1024x682.webp 1024w, https:\/\/campingbarberousse.fr\/wp-content\/uploads\/sites\/32\/2023\/08\/camping-bord-de-lac-aude-768x512.webp 768w, https:\/\/campingbarberousse.fr\/wp-content\/uploads\/sites\/32\/2023\/08\/camping-bord-de-lac-aude-1536x1023.webp 1536w\" sizes=\"(max-width: 1600px) 100vw, 1600px\" \/>                    <\/div>\r\n        <div class=\"gt-cta__content\">\r\n            <div class=\"gt-cta__title\">\r\n                Meeresufer            <\/div>\r\n        <\/div>\r\n    <\/a>\r\n<\/article>\r\n            \r\n<\/div><\/div>\n","protected":false},"excerpt":{"rendered":"<p>Mieten Sie Ihren Stellplatz in Gruissan Stellplatz in einer Mietwohnung im Aude Genie\u00dfen Sie einen Aufenthalt unter freiem Himmel und mieten Sie einen Stellplatz auf unserem Campingplatz in Gruissan im Departement Aude. Wir bieten Ihnen die M\u00f6glichkeit, sich in einer au\u00dfergew\u00f6hnlichen nat\u00fcrlichen Umgebung aufzuhalten und dabei von allen Dienstleistungen und Einrichtungen zu profitieren, die Sie [&hellip;]<\/p>\n","protected":false},"author":1,"featured_media":189407,"parent":0,"menu_order":30,"comment_status":"closed","ping_status":"closed","template":"","meta":{"_acf_changed":false,"footnotes":""},"class_list":["post-6240","page","type-page","status-publish","has-post-thumbnail","hentry"],"acf":[],"yoast_head":"<!-- This site is optimized with the Yoast SEO plugin v24.8.1 - https:\/\/yoast.com\/wordpress\/plugins\/seo\/ -->\n<title>Stellplatz in Gruissan mieten | Stellplatz in der Aude<\/title>\n<meta name=\"robots\" content=\"index, follow, max-snippet:-1, max-image-preview:large, max-video-preview:-1\" \/>\n<link rel=\"canonical\" href=\"https:\/\/campingbarberousse.fr\/de\/vermietung-stellplatz-gruissan\/\" \/>\n<meta property=\"og:locale\" content=\"de_DE\" \/>\n<meta property=\"og:type\" content=\"article\" \/>\n<meta property=\"og:title\" content=\"Stellplatz in Gruissan mieten | Stellplatz in der Aude\" \/>\n<meta property=\"og:description\" content=\"Mieten Sie Ihren Stellplatz in Gruissan Stellplatz in einer Mietwohnung im Aude Genie\u00dfen Sie einen Aufenthalt unter freiem Himmel und mieten Sie einen Stellplatz auf unserem Campingplatz in Gruissan im Departement Aude. Wir bieten Ihnen die M\u00f6glichkeit, sich in einer au\u00dfergew\u00f6hnlichen nat\u00fcrlichen Umgebung aufzuhalten und dabei von allen Dienstleistungen und Einrichtungen zu profitieren, die Sie [&hellip;]\" \/>\n<meta property=\"og:url\" content=\"https:\/\/campingbarberousse.fr\/de\/vermietung-stellplatz-gruissan\/\" \/>\n<meta property=\"og:site_name\" content=\"Camping Bel Air Village Barberousse - Site Officiel - Meilleur Prix Garanti\" \/>\n<meta property=\"article:modified_time\" content=\"2024-01-11T14:55:43+00:00\" \/>\n<meta property=\"og:image\" content=\"http:\/\/campingbarberousse.fr\/wp-content\/uploads\/sites\/32\/2024\/11\/pict_1_1-2.jpg\" \/>\n\t<meta property=\"og:image:width\" content=\"1115\" \/>\n\t<meta property=\"og:image:height\" content=\"741\" \/>\n\t<meta property=\"og:image:type\" content=\"image\/jpeg\" \/>\n<meta name=\"twitter:card\" content=\"summary_large_image\" \/>\n<meta name=\"twitter:label1\" content=\"Gesch\u00e4tzte Lesezeit\" \/>\n\t<meta name=\"twitter:data1\" content=\"2\u00a0Minuten\" \/>\n<script type=\"application\/ld+json\" class=\"yoast-schema-graph\">{\"@context\":\"https:\/\/schema.org\",\"@graph\":[{\"@type\":\"WebPage\",\"@id\":\"https:\/\/campingbarberousse.fr\/de\/vermietung-stellplatz-gruissan\/\",\"url\":\"https:\/\/campingbarberousse.fr\/de\/vermietung-stellplatz-gruissan\/\",\"name\":\"Stellplatz in Gruissan mieten | Stellplatz in der Aude\",\"isPartOf\":{\"@id\":\"https:\/\/campingbarberousse.fr\/de\/#website\"},\"primaryImageOfPage\":{\"@id\":\"https:\/\/campingbarberousse.fr\/de\/vermietung-stellplatz-gruissan\/#primaryimage\"},\"image\":{\"@id\":\"https:\/\/campingbarberousse.fr\/de\/vermietung-stellplatz-gruissan\/#primaryimage\"},\"thumbnailUrl\":\"https:\/\/campingbarberousse.fr\/wp-content\/uploads\/sites\/32\/2024\/11\/pict_1_1-2.jpg\",\"datePublished\":\"2023-06-26T08:56:30+00:00\",\"dateModified\":\"2024-01-11T14:55:43+00:00\",\"breadcrumb\":{\"@id\":\"https:\/\/campingbarberousse.fr\/de\/vermietung-stellplatz-gruissan\/#breadcrumb\"},\"inLanguage\":\"de\",\"potentialAction\":[{\"@type\":\"ReadAction\",\"target\":[\"https:\/\/campingbarberousse.fr\/de\/vermietung-stellplatz-gruissan\/\"]}]},{\"@type\":\"ImageObject\",\"inLanguage\":\"de\",\"@id\":\"https:\/\/campingbarberousse.fr\/de\/vermietung-stellplatz-gruissan\/#primaryimage\",\"url\":\"https:\/\/campingbarberousse.fr\/wp-content\/uploads\/sites\/32\/2024\/11\/pict_1_1-2.jpg\",\"contentUrl\":\"https:\/\/campingbarberousse.fr\/wp-content\/uploads\/sites\/32\/2024\/11\/pict_1_1-2.jpg\",\"width\":1115,\"height\":741,\"caption\":\"pict 1 1 2\"},{\"@type\":\"BreadcrumbList\",\"@id\":\"https:\/\/campingbarberousse.fr\/de\/vermietung-stellplatz-gruissan\/#breadcrumb\",\"itemListElement\":[{\"@type\":\"ListItem\",\"position\":1,\"name\":\"Startseite\",\"item\":\"https:\/\/campingbarberousse.fr\/de\/\"},{\"@type\":\"ListItem\",\"position\":2,\"name\":\"Mieten Sie einen Stellplatz in Aude\"}]},{\"@type\":\"WebSite\",\"@id\":\"https:\/\/campingbarberousse.fr\/de\/#website\",\"url\":\"https:\/\/campingbarberousse.fr\/de\/\",\"name\":\"Camping Bel Air Village Barberousse - Site Officiel - Meilleur Prix Garanti\",\"description\":\"\",\"publisher\":{\"@id\":\"https:\/\/campingbarberousse.fr\/de\/#organization\"},\"potentialAction\":[{\"@type\":\"SearchAction\",\"target\":{\"@type\":\"EntryPoint\",\"urlTemplate\":\"https:\/\/campingbarberousse.fr\/de\/?s={search_term_string}\"},\"query-input\":{\"@type\":\"PropertyValueSpecification\",\"valueRequired\":true,\"valueName\":\"search_term_string\"}}],\"inLanguage\":\"de\"},{\"@type\":\"Organization\",\"@id\":\"https:\/\/campingbarberousse.fr\/de\/#organization\",\"name\":\"Camping Bel Air Village Barberousse - Site Officiel - Meilleur Prix Garanti\",\"url\":\"https:\/\/campingbarberousse.fr\/de\/\",\"logo\":{\"@type\":\"ImageObject\",\"inLanguage\":\"de\",\"@id\":\"https:\/\/campingbarberousse.fr\/de\/#\/schema\/logo\/image\/\",\"url\":\"https:\/\/campingbarberousse.fr\/wp-content\/uploads\/sites\/32\/2025\/10\/logo-camping-barberousse.png\",\"contentUrl\":\"https:\/\/campingbarberousse.fr\/wp-content\/uploads\/sites\/32\/2025\/10\/logo-camping-barberousse.png\",\"width\":768,\"height\":349,\"caption\":\"Camping Bel Air Village Barberousse - Site Officiel - Meilleur Prix Garanti\"},\"image\":{\"@id\":\"https:\/\/campingbarberousse.fr\/de\/#\/schema\/logo\/image\/\"}}]}<\/script>\n<!-- \/ Yoast SEO plugin. -->","yoast_head_json":{"title":"Stellplatz in Gruissan mieten | Stellplatz in der Aude","robots":{"index":"index","follow":"follow","max-snippet":"max-snippet:-1","max-image-preview":"max-image-preview:large","max-video-preview":"max-video-preview:-1"},"canonical":"https:\/\/campingbarberousse.fr\/de\/vermietung-stellplatz-gruissan\/","og_locale":"de_DE","og_type":"article","og_title":"Stellplatz in Gruissan mieten | Stellplatz in der Aude","og_description":"Mieten Sie Ihren Stellplatz in Gruissan Stellplatz in einer Mietwohnung im Aude Genie\u00dfen Sie einen Aufenthalt unter freiem Himmel und mieten Sie einen Stellplatz auf unserem Campingplatz in Gruissan im Departement Aude. Wir bieten Ihnen die M\u00f6glichkeit, sich in einer au\u00dfergew\u00f6hnlichen nat\u00fcrlichen Umgebung aufzuhalten und dabei von allen Dienstleistungen und Einrichtungen zu profitieren, die Sie [&hellip;]","og_url":"https:\/\/campingbarberousse.fr\/de\/vermietung-stellplatz-gruissan\/","og_site_name":"Camping Bel Air Village Barberousse - Site Officiel - Meilleur Prix Garanti","article_modified_time":"2024-01-11T14:55:43+00:00","og_image":[{"width":1115,"height":741,"url":"http:\/\/campingbarberousse.fr\/wp-content\/uploads\/sites\/32\/2024\/11\/pict_1_1-2.jpg","type":"image\/jpeg"}],"twitter_card":"summary_large_image","twitter_misc":{"Gesch\u00e4tzte Lesezeit":"2\u00a0Minuten"},"schema":{"@context":"https:\/\/schema.org","@graph":[{"@type":"WebPage","@id":"https:\/\/campingbarberousse.fr\/de\/vermietung-stellplatz-gruissan\/","url":"https:\/\/campingbarberousse.fr\/de\/vermietung-stellplatz-gruissan\/","name":"Stellplatz in Gruissan mieten | Stellplatz in der Aude","isPartOf":{"@id":"https:\/\/campingbarberousse.fr\/de\/#website"},"primaryImageOfPage":{"@id":"https:\/\/campingbarberousse.fr\/de\/vermietung-stellplatz-gruissan\/#primaryimage"},"image":{"@id":"https:\/\/campingbarberousse.fr\/de\/vermietung-stellplatz-gruissan\/#primaryimage"},"thumbnailUrl":"https:\/\/campingbarberousse.fr\/wp-content\/uploads\/sites\/32\/2024\/11\/pict_1_1-2.jpg","datePublished":"2023-06-26T08:56:30+00:00","dateModified":"2024-01-11T14:55:43+00:00","breadcrumb":{"@id":"https:\/\/campingbarberousse.fr\/de\/vermietung-stellplatz-gruissan\/#breadcrumb"},"inLanguage":"de","potentialAction":[{"@type":"ReadAction","target":["https:\/\/campingbarberousse.fr\/de\/vermietung-stellplatz-gruissan\/"]}]},{"@type":"ImageObject","inLanguage":"de","@id":"https:\/\/campingbarberousse.fr\/de\/vermietung-stellplatz-gruissan\/#primaryimage","url":"https:\/\/campingbarberousse.fr\/wp-content\/uploads\/sites\/32\/2024\/11\/pict_1_1-2.jpg","contentUrl":"https:\/\/campingbarberousse.fr\/wp-content\/uploads\/sites\/32\/2024\/11\/pict_1_1-2.jpg","width":1115,"height":741,"caption":"pict 1 1 2"},{"@type":"BreadcrumbList","@id":"https:\/\/campingbarberousse.fr\/de\/vermietung-stellplatz-gruissan\/#breadcrumb","itemListElement":[{"@type":"ListItem","position":1,"name":"Startseite","item":"https:\/\/campingbarberousse.fr\/de\/"},{"@type":"ListItem","position":2,"name":"Mieten Sie einen Stellplatz in Aude"}]},{"@type":"WebSite","@id":"https:\/\/campingbarberousse.fr\/de\/#website","url":"https:\/\/campingbarberousse.fr\/de\/","name":"Camping Bel Air Village Barberousse - Site Officiel - Meilleur Prix Garanti","description":"","publisher":{"@id":"https:\/\/campingbarberousse.fr\/de\/#organization"},"potentialAction":[{"@type":"SearchAction","target":{"@type":"EntryPoint","urlTemplate":"https:\/\/campingbarberousse.fr\/de\/?s={search_term_string}"},"query-input":{"@type":"PropertyValueSpecification","valueRequired":true,"valueName":"search_term_string"}}],"inLanguage":"de"},{"@type":"Organization","@id":"https:\/\/campingbarberousse.fr\/de\/#organization","name":"Camping Bel Air Village Barberousse - Site Officiel - Meilleur Prix Garanti","url":"https:\/\/campingbarberousse.fr\/de\/","logo":{"@type":"ImageObject","inLanguage":"de","@id":"https:\/\/campingbarberousse.fr\/de\/#\/schema\/logo\/image\/","url":"https:\/\/campingbarberousse.fr\/wp-content\/uploads\/sites\/32\/2025\/10\/logo-camping-barberousse.png","contentUrl":"https:\/\/campingbarberousse.fr\/wp-content\/uploads\/sites\/32\/2025\/10\/logo-camping-barberousse.png","width":768,"height":349,"caption":"Camping Bel Air Village Barberousse - Site Officiel - Meilleur Prix Garanti"},"image":{"@id":"https:\/\/campingbarberousse.fr\/de\/#\/schema\/logo\/image\/"}}]}},"_links":{"self":[{"href":"https:\/\/campingbarberousse.fr\/de\/wp-json\/wp\/v2\/pages\/6240","targetHints":{"allow":["GET"]}}],"collection":[{"href":"https:\/\/campingbarberousse.fr\/de\/wp-json\/wp\/v2\/pages"}],"about":[{"href":"https:\/\/campingbarberousse.fr\/de\/wp-json\/wp\/v2\/types\/page"}],"author":[{"embeddable":true,"href":"https:\/\/campingbarberousse.fr\/de\/wp-json\/wp\/v2\/users\/1"}],"replies":[{"embeddable":true,"href":"https:\/\/campingbarberousse.fr\/de\/wp-json\/wp\/v2\/comments?post=6240"}],"version-history":[{"count":4,"href":"https:\/\/campingbarberousse.fr\/de\/wp-json\/wp\/v2\/pages\/6240\/revisions"}],"predecessor-version":[{"id":7352,"href":"https:\/\/campingbarberousse.fr\/de\/wp-json\/wp\/v2\/pages\/6240\/revisions\/7352"}],"wp:featuredmedia":[{"embeddable":true,"href":"https:\/\/campingbarberousse.fr\/de\/wp-json\/wp\/v2\/media\/189407"}],"wp:attachment":[{"href":"https:\/\/campingbarberousse.fr\/de\/wp-json\/wp\/v2\/media?parent=6240"}],"curies":[{"name":"wp","href":"https:\/\/api.w.org\/{rel}","templated":true}]}}